{"id":6185,"date":"2017-03-20T11:42:17","date_gmt":"2017-03-20T10:42:17","guid":{"rendered":"https:\/\/kloster-druebeck.de\/geschichte\/"},"modified":"2021-07-27T14:22:41","modified_gmt":"2021-07-27T12:22:41","slug":"geschichte","status":"publish","type":"page","link":"https:\/\/kloster-druebeck.de\/en\/geschichte\/","title":{"rendered":"Geschichte"},"content":{"rendered":"<h1>Historisches Kloster | Geschichte | Dr\u00fcbeck | Harz<\/h1>\n<h2>History of the Abbey<\/h2>\n<div id=\"attachment_3295\" style=\"width: 886px\" class=\"wp-caption alignnone\"><img loading=\"lazy\" decoding=\"async\" aria-describedby=\"caption-attachment-3295\" class=\"wp-image-3295\" src=\"http:\/\/kloster-druebeck.de\/wp-content\/uploads\/2017\/03\/header-klostergeschichte.jpg\" alt=\"Altartuch, Kloster Dr\u00fcbeck\" width=\"876\" height=\"269\" srcset=\"https:\/\/kloster-druebeck.de\/wp-content\/uploads\/2017\/03\/header-klostergeschichte.jpg 1140w, https:\/\/kloster-druebeck.de\/wp-content\/uploads\/2017\/03\/header-klostergeschichte-1024x314.jpg 1024w\" sizes=\"auto, (max-width: 876px) 100vw, 876px\" \/><p id=\"caption-attachment-3295\" class=\"wp-caption-text\">Altar cloth, Dr\u00fcbeck Abbey<\/p><\/div>\n<p>The Benedictine nuns in Dr\u00fcbeck Abbey lived according to the strict rules of St Benedict of Nursia. Dr\u00fcbeck Abbey was a subsidiary foundation of the Princely Abbey of Corvey.<\/p>\n<p>The eleven chapters of St Benedict&#8217;s rules determined the course of a day, which began with early mass at dawn. Then it was off to work in the kitchen, garden, field and forest. Two meals were eaten.<\/p>\n<p>In the late Middle Ages, the importance of the abbey in Dr\u00fcbeck declined. The turbulence of the Reformation and the Peasants&#8217; War also proved to be a serious blow to the Benedictine nuns. The nuns were expelled, a fire in 1599 and the turmoil of the 30 Years&#8217; War also left signs of devastation on the buildings. The abbey&#8217;s independence came to an end. The Benedictine abbeys had great influence due to their extensive landholdings. They had schools, libraries and writing rooms as well as herb gardens, an apothecary and various art workshops.<\/p>\n<hr \/>\n<h3>The foundation of the abbey<\/h3>\n<p>&#8220;Et ita damus hanc proprietatem sanctis in Drubechi et ibi deo dicatis, &#8230; nemine hoc contradicente.&#8221; \u2013 And so we give this property to the saints in Dr\u00fcbeck under no contradiction. (Source: MGH, Die Urkunden, p. 299 f. translated E. Jacobs, Urkundenbuch des Klosters Dr\u00fcbeck 1874)<\/p>\n<p>The earliest mention of an abbey for a convent of nuns in Dr\u00fcbeck goes back to a charter signed by Emperor Otto I, who donated land to the convent in 960.<\/p>\n<p>An \u201colder\u201d document dated 26 January 877 turned out to be a forgery in more recent times.<\/p>\n<p>In 980 Otto II placed Dr\u00fcbeck under royal protection. This safeguarded the nuns from interference by royal officials. The abbess could act as the supreme court ruler and thus the convent had a privileged position.<\/p>\n<hr \/>\n<h3>The era of the evangelical convent for women<\/h3>\n<div id=\"attachment_3297\" style=\"width: 410px\" class=\"wp-caption alignleft\"><img loading=\"lazy\" decoding=\"async\" aria-describedby=\"caption-attachment-3297\" class=\"wp-image-3297 size-full\" src=\"http:\/\/kloster-druebeck.de\/wp-content\/uploads\/2017\/03\/\u00c4btissin-Freiin-von-Welck-KLoster-Dr\u00fcbeck-Harz_kl.jpg\" alt=\"Eine unvergessene \u00c4btissin des Klosters Dr\u00fcbeck Anna Freiin von Welck\" width=\"400\" height=\"516\" \/><p id=\"caption-attachment-3297\" class=\"wp-caption-text\">An unforgotten Abbess of Dr\u00fcbeck Abbey Anna Freiin von Welck<\/p><\/div>\n<p>At the end of the 17<sup>th<\/sup> century, the abbey was transferred to the Count of Stolberg-Wernigerode by royal edict. After extensive renovation work during the period 1720-1732, the count established an evangelical convent for women. Anna Freiin von Welck was inaugurated as Abbess of Dr\u00fcbeck Abbey in a solemn ceremony on 12<sup>th<\/sup> June 1903. (See: Werniger\u00f6der Intelligenzblatt dated 13<sup>th<\/sup> June 1903, paragraph 3)<\/p>\n<p>Anna Freiin von Welck was the 47<sup>th<\/sup> abbess. Kaiser Wilhelm II presented her with the abbess&#8217;s staff in 1906. The 1.80 metre long abbess&#8217;s staff was designed by the then well-known painter Prof. Emil Doepler (1855-1922) and made by the sculptor and chaser Prof. Otto Rohloff (1863-1919) at the Berlin School of Arts and Crafts. (See: Wilhelm Hoppe: Ein deutscher F\u00fcrstensitz, Wernigerode 1908, p. 55)<\/p>\n<p>A historical garden plan from 1737 has been preserved, showing the special historical walled gardens of the abbey sisters.<\/p>\n<hr \/>\n<h3>The Dr\u00fcbeck Abbey Sanitorium<\/h3>\n<p>The Diaconal Office of the Church Province of Saxony took over Dr\u00fcbeck Abbey at the request of the last Abbess Magdalena in 1946. The Abbey was turned into a convalescent home and the deaconess Marie Utta from the Kreuzburg motherhouse was appointed as matron. The capacity was 40 beds and the yield from the gardens was increased by the construction of a greenhouse. The Diaconal Office subsidised the running and structural repair work annually. In 1963, the kitchen was renovated.<\/p>\n<p>&#8220;We want to thank God from the bottom of our hearts that HE once made people willing to found and build this abbey for HIS HONOUR, that HE has preserved it until today and that many people of our days can find refreshment for soul and body through HIS words every year.&#8221; (Director Mr. Seuthe, 15<sup>th<\/sup> February 1964)<\/p>\n<hr \/>\n<h3>Wilhelm Raabe at Dr\u00fcbeck Abbey<\/h3>\n<p>The novelist and poet Wilhelm Raabe had many personal connections with Dr\u00fcbeck Abbey and also with the surrounding Harz landscape. The Abbess Countess Magdalene zu Stolberg-Wernigerode made rooms available for the belated celebration of the author\u2019s 100<sup>th<\/sup> birthday at Dr\u00fcbeck Abbey in 1931.<\/p>\n<p>&nbsp;<\/p>\n","protected":false},"excerpt":{"rendered":"<p>The Benedictine nuns in Dr\u00fcbeck Abbey lived according to the strict rules of St Benedict of Nursia. Dr\u00fcbeck Abbey was a subsidiary foundation of the Princely Abbey of Corvey. The eleven chapters of St Benedict&#8217;s rules determined the course of a day, which began with early mass at dawn. Then it was off to work [&#8230;]<\/p>\n","protected":false},"author":15,"featured_media":0,"parent":0,"menu_order":0,"comment_status":"closed","ping_status":"closed","template":"","meta":{"_acf_changed":false,"inline_featured_image":false,"footnotes":""},"class_list":["post-6185","page","type-page","status-publish","hentry"],"acf":[],"yoast_head":"<!-- This site is optimized with the Yoast SEO plugin v27.4 - https:\/\/yoast.com\/product\/yoast-seo-wordpress\/ -->\n<title>Die Geschichte des Kloster Dr\u00fcbecks im Harz<\/title>\n<meta name=\"description\" content=\"Sie interessieren sich f\u00fcr historische Kl\u00f6ster &amp; m\u00f6chten mehr \u00fcber die Geschichte des Klosters Dr\u00fcbeck erfahren? Dann finden Sie hier spannende Fakten!\" \/>\n<meta name=\"robots\" content=\"index, follow, max-snippet:-1, max-image-preview:large, max-video-preview:-1\" \/>\n<link rel=\"canonical\" href=\"https:\/\/kloster-druebeck.de\/en\/geschichte\/\" \/>\n<meta property=\"og:locale\" content=\"en_US\" \/>\n<meta property=\"og:type\" content=\"article\" \/>\n<meta property=\"og:title\" content=\"Die Geschichte des Kloster Dr\u00fcbecks im Harz\" \/>\n<meta property=\"og:description\" content=\"Sie interessieren sich f\u00fcr historische Kl\u00f6ster &amp; m\u00f6chten mehr \u00fcber die Geschichte des Klosters Dr\u00fcbeck erfahren? Dann finden Sie hier spannende Fakten!\" \/>\n<meta property=\"og:url\" content=\"https:\/\/kloster-druebeck.de\/en\/geschichte\/\" \/>\n<meta property=\"og:site_name\" content=\"Kloster Dr\u00fcbeck\" \/>\n<meta property=\"article:modified_time\" content=\"2021-07-27T12:22:41+00:00\" \/>\n<meta property=\"og:image\" content=\"http:\/\/kloster-druebeck.de\/wp-content\/uploads\/2017\/03\/header-klostergeschichte.jpg\" \/>\n<meta name=\"twitter:card\" content=\"summary_large_image\" \/>\n<meta name=\"twitter:label1\" content=\"Est. reading time\" \/>\n\t<meta name=\"twitter:data1\" content=\"4 minutes\" \/>\n<script type=\"application\/ld+json\" class=\"yoast-schema-graph\">{\"@context\":\"https:\\\/\\\/schema.org\",\"@graph\":[{\"@type\":\"WebPage\",\"@id\":\"https:\\\/\\\/kloster-druebeck.de\\\/en\\\/geschichte\\\/\",\"url\":\"https:\\\/\\\/kloster-druebeck.de\\\/en\\\/geschichte\\\/\",\"name\":\"Die Geschichte des Kloster Dr\u00fcbecks im Harz\",\"isPartOf\":{\"@id\":\"https:\\\/\\\/kloster-druebeck.de\\\/en\\\/#website\"},\"primaryImageOfPage\":{\"@id\":\"https:\\\/\\\/kloster-druebeck.de\\\/en\\\/geschichte\\\/#primaryimage\"},\"image\":{\"@id\":\"https:\\\/\\\/kloster-druebeck.de\\\/en\\\/geschichte\\\/#primaryimage\"},\"thumbnailUrl\":\"http:\\\/\\\/kloster-druebeck.de\\\/wp-content\\\/uploads\\\/2017\\\/03\\\/header-klostergeschichte.jpg\",\"datePublished\":\"2017-03-20T10:42:17+00:00\",\"dateModified\":\"2021-07-27T12:22:41+00:00\",\"description\":\"Sie interessieren sich f\u00fcr historische Kl\u00f6ster & m\u00f6chten mehr \u00fcber die Geschichte des Klosters Dr\u00fcbeck erfahren? Dann finden Sie hier spannende Fakten!\",\"breadcrumb\":{\"@id\":\"https:\\\/\\\/kloster-druebeck.de\\\/en\\\/geschichte\\\/#breadcrumb\"},\"inLanguage\":\"en-US\",\"potentialAction\":[{\"@type\":\"ReadAction\",\"target\":[\"https:\\\/\\\/kloster-druebeck.de\\\/en\\\/geschichte\\\/\"]}]},{\"@type\":\"ImageObject\",\"inLanguage\":\"en-US\",\"@id\":\"https:\\\/\\\/kloster-druebeck.de\\\/en\\\/geschichte\\\/#primaryimage\",\"url\":\"http:\\\/\\\/kloster-druebeck.de\\\/wp-content\\\/uploads\\\/2017\\\/03\\\/header-klostergeschichte.jpg\",\"contentUrl\":\"http:\\\/\\\/kloster-druebeck.de\\\/wp-content\\\/uploads\\\/2017\\\/03\\\/header-klostergeschichte.jpg\"},{\"@type\":\"BreadcrumbList\",\"@id\":\"https:\\\/\\\/kloster-druebeck.de\\\/en\\\/geschichte\\\/#breadcrumb\",\"itemListElement\":[{\"@type\":\"ListItem\",\"position\":1,\"name\":\"Startseite\",\"item\":\"https:\\\/\\\/kloster-druebeck.de\\\/en\\\/\"},{\"@type\":\"ListItem\",\"position\":2,\"name\":\"Geschichte\"}]},{\"@type\":\"WebSite\",\"@id\":\"https:\\\/\\\/kloster-druebeck.de\\\/en\\\/#website\",\"url\":\"https:\\\/\\\/kloster-druebeck.de\\\/en\\\/\",\"name\":\"Kloster Dr\u00fcbeck\",\"description\":\"Eine weitere WordPress-Seite\",\"potentialAction\":[{\"@type\":\"SearchAction\",\"target\":{\"@type\":\"EntryPoint\",\"urlTemplate\":\"https:\\\/\\\/kloster-druebeck.de\\\/en\\\/?s={search_term_string}\"},\"query-input\":{\"@type\":\"PropertyValueSpecification\",\"valueRequired\":true,\"valueName\":\"search_term_string\"}}],\"inLanguage\":\"en-US\"}]}<\/script>\n<!-- \/ Yoast SEO plugin. -->","yoast_head_json":{"title":"Die Geschichte des Kloster Dr\u00fcbecks im Harz","description":"Sie interessieren sich f\u00fcr historische Kl\u00f6ster & m\u00f6chten mehr \u00fcber die Geschichte des Klosters Dr\u00fcbeck erfahren? Dann finden Sie hier spannende Fakten!","robots":{"index":"index","follow":"follow","max-snippet":"max-snippet:-1","max-image-preview":"max-image-preview:large","max-video-preview":"max-video-preview:-1"},"canonical":"https:\/\/kloster-druebeck.de\/en\/geschichte\/","og_locale":"en_US","og_type":"article","og_title":"Die Geschichte des Kloster Dr\u00fcbecks im Harz","og_description":"Sie interessieren sich f\u00fcr historische Kl\u00f6ster & m\u00f6chten mehr \u00fcber die Geschichte des Klosters Dr\u00fcbeck erfahren? Dann finden Sie hier spannende Fakten!","og_url":"https:\/\/kloster-druebeck.de\/en\/geschichte\/","og_site_name":"Kloster Dr\u00fcbeck","article_modified_time":"2021-07-27T12:22:41+00:00","og_image":[{"url":"http:\/\/kloster-druebeck.de\/wp-content\/uploads\/2017\/03\/header-klostergeschichte.jpg","type":"","width":"","height":""}],"twitter_card":"summary_large_image","twitter_misc":{"Est. reading time":"4 minutes"},"schema":{"@context":"https:\/\/schema.org","@graph":[{"@type":"WebPage","@id":"https:\/\/kloster-druebeck.de\/en\/geschichte\/","url":"https:\/\/kloster-druebeck.de\/en\/geschichte\/","name":"Die Geschichte des Kloster Dr\u00fcbecks im Harz","isPartOf":{"@id":"https:\/\/kloster-druebeck.de\/en\/#website"},"primaryImageOfPage":{"@id":"https:\/\/kloster-druebeck.de\/en\/geschichte\/#primaryimage"},"image":{"@id":"https:\/\/kloster-druebeck.de\/en\/geschichte\/#primaryimage"},"thumbnailUrl":"http:\/\/kloster-druebeck.de\/wp-content\/uploads\/2017\/03\/header-klostergeschichte.jpg","datePublished":"2017-03-20T10:42:17+00:00","dateModified":"2021-07-27T12:22:41+00:00","description":"Sie interessieren sich f\u00fcr historische Kl\u00f6ster & m\u00f6chten mehr \u00fcber die Geschichte des Klosters Dr\u00fcbeck erfahren? Dann finden Sie hier spannende Fakten!","breadcrumb":{"@id":"https:\/\/kloster-druebeck.de\/en\/geschichte\/#breadcrumb"},"inLanguage":"en-US","potentialAction":[{"@type":"ReadAction","target":["https:\/\/kloster-druebeck.de\/en\/geschichte\/"]}]},{"@type":"ImageObject","inLanguage":"en-US","@id":"https:\/\/kloster-druebeck.de\/en\/geschichte\/#primaryimage","url":"http:\/\/kloster-druebeck.de\/wp-content\/uploads\/2017\/03\/header-klostergeschichte.jpg","contentUrl":"http:\/\/kloster-druebeck.de\/wp-content\/uploads\/2017\/03\/header-klostergeschichte.jpg"},{"@type":"BreadcrumbList","@id":"https:\/\/kloster-druebeck.de\/en\/geschichte\/#breadcrumb","itemListElement":[{"@type":"ListItem","position":1,"name":"Startseite","item":"https:\/\/kloster-druebeck.de\/en\/"},{"@type":"ListItem","position":2,"name":"Geschichte"}]},{"@type":"WebSite","@id":"https:\/\/kloster-druebeck.de\/en\/#website","url":"https:\/\/kloster-druebeck.de\/en\/","name":"Kloster Dr\u00fcbeck","description":"Eine weitere WordPress-Seite","potentialAction":[{"@type":"SearchAction","target":{"@type":"EntryPoint","urlTemplate":"https:\/\/kloster-druebeck.de\/en\/?s={search_term_string}"},"query-input":{"@type":"PropertyValueSpecification","valueRequired":true,"valueName":"search_term_string"}}],"inLanguage":"en-US"}]}},"_links":{"self":[{"href":"https:\/\/kloster-druebeck.de\/en\/wp-json\/wp\/v2\/pages\/6185","targetHints":{"allow":["GET"]}}],"collection":[{"href":"https:\/\/kloster-druebeck.de\/en\/wp-json\/wp\/v2\/pages"}],"about":[{"href":"https:\/\/kloster-druebeck.de\/en\/wp-json\/wp\/v2\/types\/page"}],"author":[{"embeddable":true,"href":"https:\/\/kloster-druebeck.de\/en\/wp-json\/wp\/v2\/users\/15"}],"replies":[{"embeddable":true,"href":"https:\/\/kloster-druebeck.de\/en\/wp-json\/wp\/v2\/comments?post=6185"}],"version-history":[{"count":2,"href":"https:\/\/kloster-druebeck.de\/en\/wp-json\/wp\/v2\/pages\/6185\/revisions"}],"predecessor-version":[{"id":6187,"href":"https:\/\/kloster-druebeck.de\/en\/wp-json\/wp\/v2\/pages\/6185\/revisions\/6187"}],"wp:attachment":[{"href":"https:\/\/kloster-druebeck.de\/en\/wp-json\/wp\/v2\/media?parent=6185"}],"curies":[{"name":"wp","href":"https:\/\/api.w.org\/{rel}","templated":true}]}}